{"id":8,"date":"2019-12-18T15:28:56","date_gmt":"2019-12-18T14:28:56","guid":{"rendered":"http:\/\/localhost:8888\/?page_id=3"},"modified":"2020-03-05T14:44:25","modified_gmt":"2020-03-05T13:44:25","slug":"datenschutzerklaerung","status":"publish","type":"page","link":"https:\/\/sigrid-westenfelder.de\/sigrid-westenfelder\/datenschutzerklaerung\/","title":{"rendered":"Datenschutzerkl\u00e4rung"},"content":{"rendered":"\n<p>Die Adresse unserer Website ist: <br><a href=\"https:\/\/sigrid-westenfelder.de\">https:\/\/sigrid-westenfelder.de<\/a><\/p>\n\n\n\n<p><br><\/p>\n\n\n\n<p>Verantwortlicher im Sinne der Datenschutzgesetze, insbesondere der EU-Datenschutzgrundverordnung (DSGVO), ist:<\/p>\n\n\n\n<p>Sigrid Westenfelder <br>Ilsestra\u00dfe 24   <br>12051 Berlin<\/p>\n\n\n\n<p><br><\/p>\n\n\n\n<h2>Ihre Betroffenenrechte<\/h2>\n\n\n\n<p>Unter den angegebenen Kontaktdaten unseres Datenschutzbeauftragten k\u00f6nnen Sie jederzeit folgende Rechte aus\u00fcben:<\/p>\n\n\n\n<ul><li>Auskunft \u00fcber Ihre bei uns gespeicherten Daten und deren Verarbeitung (Art. 15 DSGVO),<\/li><li>Berichtigung unrichtiger personenbezogener Daten (Art. 16 DSGVO),<\/li><li>L\u00f6schung Ihrer bei uns gespeicherten Daten (Art. 17 DSGVO),<\/li><li>Einschr\u00e4nkung der Datenverarbeitung, sofern wir Ihre Daten aufgrund gesetzlicher Pflichten noch nicht l\u00f6schen d\u00fcrfen (Art. 18 DSGVO),<\/li><li>Widerspruch gegen die Verarbeitung Ihrer Daten bei uns (Art. 21 DSGVO) und<\/li><li>Daten\u00fcbertragbarkeit, sofern Sie in die Datenverarbeitung eingewilligt haben oder einen Vertrag mit uns abgeschlossen haben (Art. 20 DSGVO).<\/li><\/ul>\n\n\n\n<p>Sofern Sie uns eine Einwilligung erteilt haben, k\u00f6nnen Sie diese jederzeit mit Wirkung f\u00fcr die Zukunft widerrufen.<\/p>\n\n\n\n<p>Sie k\u00f6nnen sich jederzeit mit einer Beschwerde an eine Aufsichtsbeh\u00f6rde wenden, z. B. an die zust\u00e4ndige Aufsichtsbeh\u00f6rde des Bundeslands Ihres Wohnsitzes oder an die f\u00fcr uns als verantwortliche Stelle zust\u00e4ndige Beh\u00f6rde.<\/p>\n\n\n\n<p>Eine Liste der Aufsichtsbeh\u00f6rden (f\u00fcr den nicht\u00f6ffentlichen Bereich) mit Anschrift finden Sie unter: <a href=\"https:\/\/www.bfdi.bund.de\/DE\/Infothek\/Anschriften_Links\/anschriften_links-node.html\" target=\"_blank\" rel=\"noreferrer noopener\">https:\/\/www.bfdi.bund.de\/DE\/Infothek\/Anschriften_Links\/anschriften_links-node.html<\/a>.<\/p>\n\n\n\n<p><br><\/p>\n\n\n\n<h2>Newsletter<\/h2>\n\n\n\n<ul><li><strong>Art und Zweck der Verarbeitung:<\/strong><\/li><\/ul>\n\n\n\n<p>Ihre Daten werden ausschlie\u00dflich dazu verwendet, Ihnen den abonnierten Newsletter per E-Mail zuzustellen. Die Angabe Ihres Namens erfolgt, um Sie im Newsletter pers\u00f6nlich ansprechen zu k\u00f6nnen und ggf. zu identifizieren, falls Sie von Ihren Rechten als Betroffener Gebrauch machen wollen.<\/p>\n\n\n\n<p>F\u00fcr den Empfang des Newsletters ist die Angabe Ihrer E-Mail-Adresse ausreichend. Bei der Anmeldung zum Bezug unseres Newsletters werden die von Ihnen angegebenen Daten ausschlie\u00dflich f\u00fcr diesen Zweck verwendet. Abonnenten k\u00f6nnen auch \u00fcber Umst\u00e4nde per E-Mail informiert werden, die f\u00fcr den Dienst oder die Registrierung relevant sind (bspw. \u00c4nderungen des Newsletterangebots oder technische Gegebenheiten).<\/p>\n\n\n\n<p>F\u00fcr eine wirksame Registrierung ben\u00f6tigen wir eine valide E-Mail-Adresse. Um zu \u00fcberpr\u00fcfen, dass eine Anmeldung tats\u00e4chlich durch den Inhaber einer E-Mail-Adresse erfolgt, setzen wir das \u201eDouble-opt-in\u201c-Verfahren ein. Hierzu protokollieren wir die Bestellung des Newsletters, den Versand einer Best\u00e4tigungsmail und den Eingang der hiermit angeforderten Antwort. Weitere Daten werden nicht erhoben. Die Daten werden ausschlie\u00dflich f\u00fcr den Newsletterversand verwendet und nicht an Dritte weitergegeben.<\/p>\n\n\n\n<ul><li><strong>Rechtsgrundlage:<\/strong><\/li><\/ul>\n\n\n\n<p>Auf Grundlage Ihrer ausdr\u00fccklich erteilten Einwilligung (Art. 6 Abs. 1 lit. a DSGVO), \u00fcbersenden wir Ihnen regelm\u00e4\u00dfig unseren Newsletter bzw. vergleichbare Informationen per E-Mail an Ihre angegebene E-Mail-Adresse. <\/p>\n\n\n\n<p>Die Einwilligung zur Speicherung Ihrer pers\u00f6nlichen Daten und ihrer Nutzung f\u00fcr den Newsletterversand k\u00f6nnen Sie jederzeit mit Wirkung f\u00fcr die Zukunft widerrufen. In jedem Newsletter findet sich dazu ein entsprechender Link. Au\u00dferdem k\u00f6nnen Sie sich jederzeit auch direkt auf dieser Website abmelden oder uns Ihren Widerruf \u00fcber die am Ende dieser Datenschutzhinweise angegebene Kontaktm\u00f6glichkeit mitteilen.<\/p>\n\n\n\n<ul><li><strong>Empf\u00e4nger:<\/strong><\/li><\/ul>\n\n\n\n<p>Empf\u00e4nger der Daten sind ggf. Auftragsverarbeiter.<\/p>\n\n\n\n<ul><li><strong>Speicherdauer:<\/strong><\/li><\/ul>\n\n\n\n<p>Die Daten werden in diesem Zusammenhang nur verarbeitet, solange die entsprechende Einwilligung vorliegt. Danach werden sie gel\u00f6scht.<\/p>\n\n\n\n<ul><li><strong>Bereitstellung vorgeschrieben oder erforderlich:<\/strong><\/li><\/ul>\n\n\n\n<p>Die Bereitstellung Ihrer personenbezogenen Daten erfolgt freiwillig, allein auf Basis Ihrer Einwilligung. Ohne bestehende Einwilligung k\u00f6nnen wir Ihnen unseren Newsletter leider nicht zusenden.<\/p>\n\n\n\n<p><br><\/p>\n\n\n\n<h2>Kontaktformular<\/h2>\n\n\n\n<ul><li><strong>Art und Zweck der Verarbeitung:<\/strong><\/li><\/ul>\n\n\n\n<p>Die von Ihnen eingegebenen Daten werden zum Zweck der individuellen Kommunikation mit Ihnen gespeichert. Hierf\u00fcr ist die Angabe einer validen E-Mail-Adresse sowie Ihres Namens erforderlich. Diese dient der Zuordnung der Anfrage und der anschlie\u00dfenden Beantwortung derselben. Die Angabe weiterer Daten ist optional.<\/p>\n\n\n\n<ul><li><strong>Rechtsgrundlage:<\/strong><\/li><\/ul>\n\n\n\n<p>Die Verarbeitung der in das Kontaktformular eingegebenen Daten erfolgt auf der Grundlage eines berechtigten Interesses (Art. 6 Abs. 1 lit. f DSGVO).<\/p>\n\n\n\n<p>Durch Bereitstellung des Kontaktformulars m\u00f6chten wir Ihnen eine unkomplizierte Kontaktaufnahme erm\u00f6glichen. Ihre gemachten Angaben werden zum Zwecke der Bearbeitung der Anfrage sowie f\u00fcr m\u00f6gliche Anschlussfragen gespeichert.<\/p>\n\n\n\n<p>Sofern Sie mit uns Kontakt aufnehmen, um ein Angebot zu erfragen, erfolgt die Verarbeitung der in das Kontaktformular eingegebenen Daten zur Durchf\u00fchrung vorvertraglicher Ma\u00dfnahmen (Art. 6 Abs. 1 lit. b DSGVO).<\/p>\n\n\n\n<ul><li><strong>Empf\u00e4nger:<\/strong><\/li><\/ul>\n\n\n\n<p>Empf\u00e4nger der Daten sind ggf. Auftragsverarbeiter.<\/p>\n\n\n\n<ul><li><strong>Speicherdauer:<\/strong><\/li><\/ul>\n\n\n\n<p>Daten werden sp\u00e4testens 6 Monate nach Bearbeitung der Anfrage gel\u00f6scht.<\/p>\n\n\n\n<p>Sofern es zu einem Vertragsverh\u00e4ltnis kommt, unterliegen wir den gesetzlichen Aufbewahrungsfristen nach HGB und l\u00f6schen Ihre Daten nach Ablauf dieser Fristen. <\/p>\n\n\n\n<ul><li><strong>Bereitstellung vorgeschrieben oder erforderlich:<\/strong><\/li><\/ul>\n\n\n\n<p>Die Bereitstellung Ihrer personenbezogenen Daten erfolgt freiwillig. Wir k\u00f6nnen Ihre Anfrage jedoch nur bearbeiten, sofern Sie uns Ihren Namen, Ihre E-Mail-Adresse und den Grund der Anfrage mitteilen.<\/p>\n\n\n\n<p><br><\/p>\n\n\n\n<h2>Verwendung von Scriptbibliotheken (Google Webfonts)<\/h2>\n\n\n\n<ul><li><strong>Art und Zweck der Verarbeitung:<\/strong><\/li><\/ul>\n\n\n\n<p>Um unsere Inhalte browser\u00fcbergreifend korrekt und grafisch ansprechend darzustellen, verwenden wir auf dieser Website \u201eGoogle Web Fonts\u201c der Google LLC (1600 Amphitheatre Parkway, Mountain View, CA 94043, USA; nachfolgend \u201eGoogle\u201c) zur Darstellung von Schriften.<\/p>\n\n\n\n<p>Die Datenschutzrichtlinie des Bibliothekbetreibers Google finden Sie hier: <a href=\"https:\/\/www.google.com\/policies\/privacy\/\">https:\/\/www.google.com\/policies\/privacy\/<\/a><\/p>\n\n\n\n<ul><li><strong>Rechtsgrundlage:<\/strong><\/li><\/ul>\n\n\n\n<p>Rechtsgrundlage f\u00fcr die Einbindung von Google Webfonts und dem damit verbundenen Datentransfer zu Google ist Ihre Einwilligung (Art. 6 Abs. 1 lit. a DSGVO). <\/p>\n\n\n\n<ul><li><strong>Empf\u00e4nger:<\/strong><\/li><\/ul>\n\n\n\n<p>Der Aufruf von Scriptbibliotheken oder Schriftbibliotheken l\u00f6st automatisch eine Verbindung zum Betreiber der Bibliothek aus. Dabei ist es theoretisch m\u00f6glich \u2013 aktuell allerdings auch unklar ob und ggf. zu welchen Zwecken \u2013 dass der Betreiber in diesem Fall Google Daten erhebt.<\/p>\n\n\n\n<ul><li><strong>Speicherdauer:<\/strong><\/li><\/ul>\n\n\n\n<p>Wir erheben keine personenbezogenen Daten, durch die Einbindung von Google Webfonts.<\/p>\n\n\n\n<p>Weitere Informationen zu Google Web Fonts finden Sie unter <a href=\"https:\/\/developers.google.com\/fonts\/faq\">https:\/\/developers.google.com\/fonts\/faq<\/a> und in der Datenschutzerkl\u00e4rung von Google: <a href=\"https:\/\/www.google.com\/policies\/privacy\/\">https:\/\/www.google.com\/policies\/privacy\/<\/a>.<\/p>\n\n\n\n<ul><li><strong>Drittlandtransfer:<\/strong><\/li><\/ul>\n\n\n\n<p>Google verarbeitet Ihre Daten in den USA und hat sich dem EU_US Privacy Shield unterworfen <a href=\"https:\/\/www.privacyshield.gov\/EU-US-Framework\">https:\/\/www.privacyshield.gov\/EU-US-Framework<\/a>.<\/p>\n\n\n\n<ul><li><strong>Bereitstellung vorgeschrieben oder erforderlich:<\/strong><\/li><\/ul>\n\n\n\n<p>Die Bereitstellung der personenbezogenen Daten ist weder gesetzlich, noch vertraglich vorgeschrieben. Allerdings kann ggfs. die korrekte Darstellung der Inhalte durch Standardschriften nicht m\u00f6glich sein.<\/p>\n\n\n\n<ul><li><strong>Widerruf der Einwilligung:<\/strong><\/li><\/ul>\n\n\n\n<p>Zur Darstellung der Inhalte wird regelm\u00e4\u00dfig die Programmiersprache JavaScript verwendet. Sie k\u00f6nnen der Datenverarbeitung daher widersprechen, indem Sie die Ausf\u00fchrung von JavaScript in Ihrem Browser deaktivieren oder einen JavaScript-Blocker installieren. Bitte beachten Sie, dass es hierdurch zu Funktionseinschr\u00e4nkungen auf der Website kommen kann.<\/p>\n\n\n\n<p><br><\/p>\n\n\n\n<h2>SSL-Verschl\u00fcsselung<\/h2>\n\n\n\n<p>Um die Sicherheit Ihrer Daten bei der \u00dcbertragung zu sch\u00fctzen, verwenden wir dem aktuellen Stand der Technik entsprechende Verschl\u00fcsselungsverfahren (z. B. SSL) \u00fcber HTTPS.<\/p>\n\n\n\n<p><br><\/p>\n\n\n\n<h2>\u00c4nderung unserer Datenschutzbestimmungen<\/h2>\n\n\n\n<p>Wir behalten uns vor, diese Datenschutzerkl\u00e4rung anzupassen, damit sie stets den aktuellen rechtlichen Anforderungen entspricht oder um \u00c4nderungen unserer Leistungen in der Datenschutzerkl\u00e4rung umzusetzen, z.B. bei der Einf\u00fchrung neuer Services. F\u00fcr Ihren erneuten Besuch gilt dann die neue Datenschutzerkl\u00e4rung.<\/p>\n\n\n\n<p><br><\/p>\n\n\n\n<h2>Fragen an den Datenschutzbeauftragten<\/h2>\n\n\n\n<p>Wenn Sie Fragen zum Datenschutz haben, schreiben Sie uns bitte eine E-Mail oder wenden Sie sich direkt an die f\u00fcr den Datenschutz verantwortliche Person in unserer Organisation:<\/p>\n\n\n\n<p>Sigrid Westenfelder <br>Ilsestra\u00dfe 24   <br>12051 Berlin<\/p>\n\n\n\n<p><br><\/p>\n\n\n\n<p>Die Datenschutzerkl\u00e4rung wurde mithilfe der activeMind AG erstellt, den Experten f\u00fcr <a rel=\"noreferrer noopener\" href=\"https:\/\/www.activemind.de\/datenschutz\/datenschutzhinweis-generator\/\" target=\"_blank\">externe Datenschutzbeauftragte<\/a> (Version #2019-04-10).<\/p>\n\n\n\n<p><\/p>\n","protected":false},"excerpt":{"rendered":"<p>Die Adresse unserer Website ist: https:\/\/sigrid-westenfelder.de Verantwortlicher im Sinne der Datenschutzgesetze, insbesondere der EU-Datenschutzgrundverordnung (DSGVO), ist: Sigrid Westenfelder Ilsestra\u00dfe 24 12051 Berlin Ihre Betroffenenrechte Unter den angegebenen Kontaktdaten unseres Datenschutzbeauftragten k\u00f6nnen Sie jederzeit folgende Rechte aus\u00fcben: Auskunft \u00fcber Ihre bei uns gespeicherten Daten und deren Verarbeitung (Art. 15 DSGVO), Berichtigung unrichtiger personenbezogener Daten (Art. 16 [&hellip;]<\/p>\n","protected":false},"author":1,"featured_media":0,"parent":0,"menu_order":100,"comment_status":"closed","ping_status":"open","template":"seiteohnesidebar.php","meta":[],"yoast_head":"<!-- This site is optimized with the Yoast SEO plugin v17.9 - https:\/\/yoast.com\/wordpress\/plugins\/seo\/ -->\n<meta name=\"robots\" content=\"index, follow, max-snippet:-1, max-image-preview:large, max-video-preview:-1\" \/>\n<link rel=\"canonical\" href=\"https:\/\/sigrid-westenfelder.de\/sigrid-westenfelder\/datenschutzerklaerung\/\" \/>\n<meta property=\"og:locale\" content=\"de_DE\" \/>\n<meta property=\"og:type\" content=\"article\" \/>\n<meta property=\"og:title\" content=\"Datenschutzerkl\u00e4rung - Sigrid Westenfelder \u2013 Cantienca, Beckenbodentraining, Spiraldynamik, Lauftraining\" \/>\n<meta property=\"og:description\" content=\"Die Adresse unserer Website ist: https:\/\/sigrid-westenfelder.de Verantwortlicher im Sinne der Datenschutzgesetze, insbesondere der EU-Datenschutzgrundverordnung (DSGVO), ist: Sigrid Westenfelder Ilsestra\u00dfe 24 12051 Berlin Ihre Betroffenenrechte Unter den angegebenen Kontaktdaten unseres Datenschutzbeauftragten k\u00f6nnen Sie jederzeit folgende Rechte aus\u00fcben: Auskunft \u00fcber Ihre bei uns gespeicherten Daten und deren Verarbeitung (Art. 15 DSGVO), Berichtigung unrichtiger personenbezogener Daten (Art. 16 [&hellip;]\" \/>\n<meta property=\"og:url\" content=\"https:\/\/sigrid-westenfelder.de\/sigrid-westenfelder\/datenschutzerklaerung\/\" \/>\n<meta property=\"og:site_name\" content=\"Sigrid Westenfelder \u2013 Cantienca, Beckenbodentraining, Spiraldynamik, Lauftraining\" \/>\n<meta property=\"article:modified_time\" content=\"2020-03-05T13:44:25+00:00\" \/>\n<meta name=\"twitter:card\" content=\"summary_large_image\" \/>\n<meta name=\"twitter:label1\" content=\"Gesch\u00e4tzte Lesezeit\" \/>\n\t<meta name=\"twitter:data1\" content=\"6\u00a0Minuten\" \/>\n<script type=\"application\/ld+json\" class=\"yoast-schema-graph\">{\"@context\":\"https:\/\/schema.org\",\"@graph\":[{\"@type\":\"WebSite\",\"@id\":\"https:\/\/sigrid-westenfelder.de\/sigrid-westenfelder\/#website\",\"url\":\"https:\/\/sigrid-westenfelder.de\/sigrid-westenfelder\/\",\"name\":\"Sigrid Westenfelder \\u2013 Cantienca, Beckenbodentraining, Spiraldynamik, Lauftraining\",\"description\":\"Aufrichten \\u00b7 Ausbreiten \\u00b7 Aufatmen - Ich bin Sigrid Westenfelder. Trainerin f\\u00fcr gesunde Bewegung und Haltungsexpertin. Du suchst aus Gr\\u00fcnden der Gesundheit ein intelligentes Training f\\u00fcr Kraft, Elastizit\\u00e4t und Ausstrahlung ? Oder m\\u00f6chtest ein Coaching, um Beschwerden zu verstehen und nachhaltig positiv ver\\u00e4ndern zu k\\u00f6nnen?  Ich bin sehr gern f\\u00fcr dich da!  Die CANTIENICA \\u2013 Methode f\\u00fcr K\\u00f6rperform und Haltung ist ein absolut gro\\u00dfartiges K\\u00f6rpertraining f\\u00fcr den Beckenboden und die Entdeckung der Tiefenmuskulatur.  Spiraldynamik ist ein dreidimensionales Bewegungskonzept, das gesunde Bewegung erkl\\u00e4rbar, erfahrbar und lernbar macht.\",\"potentialAction\":[{\"@type\":\"SearchAction\",\"target\":{\"@type\":\"EntryPoint\",\"urlTemplate\":\"https:\/\/sigrid-westenfelder.de\/sigrid-westenfelder\/?s={search_term_string}\"},\"query-input\":\"required name=search_term_string\"}],\"inLanguage\":\"de\"},{\"@type\":\"WebPage\",\"@id\":\"https:\/\/sigrid-westenfelder.de\/sigrid-westenfelder\/datenschutzerklaerung\/#webpage\",\"url\":\"https:\/\/sigrid-westenfelder.de\/sigrid-westenfelder\/datenschutzerklaerung\/\",\"name\":\"Datenschutzerkl\\u00e4rung - Sigrid Westenfelder \\u2013 Cantienca, Beckenbodentraining, Spiraldynamik, Lauftraining\",\"isPartOf\":{\"@id\":\"https:\/\/sigrid-westenfelder.de\/sigrid-westenfelder\/#website\"},\"datePublished\":\"2019-12-18T14:28:56+00:00\",\"dateModified\":\"2020-03-05T13:44:25+00:00\",\"breadcrumb\":{\"@id\":\"https:\/\/sigrid-westenfelder.de\/sigrid-westenfelder\/datenschutzerklaerung\/#breadcrumb\"},\"inLanguage\":\"de\",\"potentialAction\":[{\"@type\":\"ReadAction\",\"target\":[\"https:\/\/sigrid-westenfelder.de\/sigrid-westenfelder\/datenschutzerklaerung\/\"]}]},{\"@type\":\"BreadcrumbList\",\"@id\":\"https:\/\/sigrid-westenfelder.de\/sigrid-westenfelder\/datenschutzerklaerung\/#breadcrumb\",\"itemListElement\":[{\"@type\":\"ListItem\",\"position\":1,\"name\":\"Startseite\",\"item\":\"https:\/\/sigrid-westenfelder.de\/sigrid-westenfelder\/\"},{\"@type\":\"ListItem\",\"position\":2,\"name\":\"Datenschutzerkl\\u00e4rung\"}]}]}<\/script>\n<!-- \/ Yoast SEO plugin. -->","yoast_head_json":{"robots":{"index":"index","follow":"follow","max-snippet":"max-snippet:-1","max-image-preview":"max-image-preview:large","max-video-preview":"max-video-preview:-1"},"canonical":"https:\/\/sigrid-westenfelder.de\/sigrid-westenfelder\/datenschutzerklaerung\/","og_locale":"de_DE","og_type":"article","og_title":"Datenschutzerkl\u00e4rung - Sigrid Westenfelder \u2013 Cantienca, Beckenbodentraining, Spiraldynamik, Lauftraining","og_description":"Die Adresse unserer Website ist: https:\/\/sigrid-westenfelder.de Verantwortlicher im Sinne der Datenschutzgesetze, insbesondere der EU-Datenschutzgrundverordnung (DSGVO), ist: Sigrid Westenfelder Ilsestra\u00dfe 24 12051 Berlin Ihre Betroffenenrechte Unter den angegebenen Kontaktdaten unseres Datenschutzbeauftragten k\u00f6nnen Sie jederzeit folgende Rechte aus\u00fcben: Auskunft \u00fcber Ihre bei uns gespeicherten Daten und deren Verarbeitung (Art. 15 DSGVO), Berichtigung unrichtiger personenbezogener Daten (Art. 16 [&hellip;]","og_url":"https:\/\/sigrid-westenfelder.de\/sigrid-westenfelder\/datenschutzerklaerung\/","og_site_name":"Sigrid Westenfelder \u2013 Cantienca, Beckenbodentraining, Spiraldynamik, Lauftraining","article_modified_time":"2020-03-05T13:44:25+00:00","twitter_card":"summary_large_image","twitter_misc":{"Gesch\u00e4tzte Lesezeit":"6\u00a0Minuten"},"schema":{"@context":"https:\/\/schema.org","@graph":[{"@type":"WebSite","@id":"https:\/\/sigrid-westenfelder.de\/sigrid-westenfelder\/#website","url":"https:\/\/sigrid-westenfelder.de\/sigrid-westenfelder\/","name":"Sigrid Westenfelder \u2013 Cantienca, Beckenbodentraining, Spiraldynamik, Lauftraining","description":"Aufrichten \u00b7 Ausbreiten \u00b7 Aufatmen - Ich bin Sigrid Westenfelder. Trainerin f\u00fcr gesunde Bewegung und Haltungsexpertin. Du suchst aus Gr\u00fcnden der Gesundheit ein intelligentes Training f\u00fcr Kraft, Elastizit\u00e4t und Ausstrahlung ? Oder m\u00f6chtest ein Coaching, um Beschwerden zu verstehen und nachhaltig positiv ver\u00e4ndern zu k\u00f6nnen?  Ich bin sehr gern f\u00fcr dich da!  Die CANTIENICA \u2013 Methode f\u00fcr K\u00f6rperform und Haltung ist ein absolut gro\u00dfartiges K\u00f6rpertraining f\u00fcr den Beckenboden und die Entdeckung der Tiefenmuskulatur.  Spiraldynamik ist ein dreidimensionales Bewegungskonzept, das gesunde Bewegung erkl\u00e4rbar, erfahrbar und lernbar macht.","potentialAction":[{"@type":"SearchAction","target":{"@type":"EntryPoint","urlTemplate":"https:\/\/sigrid-westenfelder.de\/sigrid-westenfelder\/?s={search_term_string}"},"query-input":"required name=search_term_string"}],"inLanguage":"de"},{"@type":"WebPage","@id":"https:\/\/sigrid-westenfelder.de\/sigrid-westenfelder\/datenschutzerklaerung\/#webpage","url":"https:\/\/sigrid-westenfelder.de\/sigrid-westenfelder\/datenschutzerklaerung\/","name":"Datenschutzerkl\u00e4rung - Sigrid Westenfelder \u2013 Cantienca, Beckenbodentraining, Spiraldynamik, Lauftraining","isPartOf":{"@id":"https:\/\/sigrid-westenfelder.de\/sigrid-westenfelder\/#website"},"datePublished":"2019-12-18T14:28:56+00:00","dateModified":"2020-03-05T13:44:25+00:00","breadcrumb":{"@id":"https:\/\/sigrid-westenfelder.de\/sigrid-westenfelder\/datenschutzerklaerung\/#breadcrumb"},"inLanguage":"de","potentialAction":[{"@type":"ReadAction","target":["https:\/\/sigrid-westenfelder.de\/sigrid-westenfelder\/datenschutzerklaerung\/"]}]},{"@type":"BreadcrumbList","@id":"https:\/\/sigrid-westenfelder.de\/sigrid-westenfelder\/datenschutzerklaerung\/#breadcrumb","itemListElement":[{"@type":"ListItem","position":1,"name":"Startseite","item":"https:\/\/sigrid-westenfelder.de\/sigrid-westenfelder\/"},{"@type":"ListItem","position":2,"name":"Datenschutzerkl\u00e4rung"}]}]}},"_links":{"self":[{"href":"https:\/\/sigrid-westenfelder.de\/sigrid-westenfelder\/wp-json\/wp\/v2\/pages\/8"}],"collection":[{"href":"https:\/\/sigrid-westenfelder.de\/sigrid-westenfelder\/wp-json\/wp\/v2\/pages"}],"about":[{"href":"https:\/\/sigrid-westenfelder.de\/sigrid-westenfelder\/wp-json\/wp\/v2\/types\/page"}],"author":[{"embeddable":true,"href":"https:\/\/sigrid-westenfelder.de\/sigrid-westenfelder\/wp-json\/wp\/v2\/users\/1"}],"replies":[{"embeddable":true,"href":"https:\/\/sigrid-westenfelder.de\/sigrid-westenfelder\/wp-json\/wp\/v2\/comments?post=8"}],"version-history":[{"count":33,"href":"https:\/\/sigrid-westenfelder.de\/sigrid-westenfelder\/wp-json\/wp\/v2\/pages\/8\/revisions"}],"predecessor-version":[{"id":486,"href":"https:\/\/sigrid-westenfelder.de\/sigrid-westenfelder\/wp-json\/wp\/v2\/pages\/8\/revisions\/486"}],"wp:attachment":[{"href":"https:\/\/sigrid-westenfelder.de\/sigrid-westenfelder\/wp-json\/wp\/v2\/media?parent=8"}],"curies":[{"name":"wp","href":"https:\/\/api.w.org\/{rel}","templated":true}]}}